{"id":22,"date":"2020-05-01T21:27:29","date_gmt":"2020-05-01T21:27:29","guid":{"rendered":"https:\/\/museudeseverdovouga.pt\/foral\/?page_id=22"},"modified":"2021-04-29T10:28:44","modified_gmt":"2021-04-29T09:28:44","slug":"apresentacao","status":"publish","type":"page","link":"https:\/\/mm-sever.pt\/foral\/","title":{"rendered":"Apresenta\u00e7\u00e3o"},"content":{"rendered":"\n<div style=\"height:50px\" aria-hidden=\"true\" class=\"wp-block-spacer\"><\/div>\n\n\n\n<p class=\"has-medium-font-size\"><em>A atribui\u00e7\u00e3o de um foral a um determinado territ\u00f3rio, constituindo-o como Concelho, e definindo a sua administra\u00e7\u00e3o, deveres e privil\u00e9gios, constitui um marco indel\u00e9vel na Hist\u00f3ria do Municipalismo.<br>Nesse contexto, tem a C\u00e2mara Municipal vindo a promover a realiza\u00e7\u00e3o de uma Feira Quinhentista, evocativa daquele marcante acontecimento, a qual tem merecido franca ades\u00e3o dos severenses e motivado a curiosidade e presen\u00e7a de in\u00fameros visitantes.<br>No ano em curso, volvidos que s\u00e3o 506 anos da atribui\u00e7\u00e3o da Carta de Foral por sua Majestade El-Rei D. Manuel I, n\u00e3o \u00e9 poss\u00edvel, tal como previsto, devido aos condicionalismos impostos pela pandemia da COVID 19, comemorar fisicamente a efem\u00e9ride.<br>Ainda assim, e de molde a n\u00e3o deixar cair no esquecimento t\u00e3o importante data para a Hist\u00f3ria de Sever do Vouga, f\u00e1-lo-emos de forma virtual, atrav\u00e9s de uma exposi\u00e7\u00e3o, promovida pelo Museu Municipal, onde se procura ilustrar a raz\u00e3o de ser dos Forais em geral e caracterizar, em particular, o Foral de Sever do Vouga.<br>Para o pr\u00f3ximo ano retomaremos, caso as circunst\u00e2ncias o permitam, a celebra\u00e7\u00e3o festiva dos 507 anos do Foral de Sever do Vouga.<\/em><\/p>\n\n\n\n<p class=\"has-text-align-right has-medium-font-size\">Sever do Vouga, 29 de Abril de 2020<br><br>Jos\u00e9 Manuel Barbosa de Almeida e Costa<br>Vice-Presidente da C\u00e2mara Municipal, <br>com o pelouro da Cultura<\/p>\n","protected":false},"excerpt":{"rendered":"<p>A atribui\u00e7\u00e3o de um foral a um determinado territ\u00f3rio, constituindo-o como Concelho, e definindo a sua administra\u00e7\u00e3o, deveres e privil\u00e9gios, constitui um marco indel\u00e9vel na Hist\u00f3ria do Municipalismo.Nesse contexto, tem a C\u00e2mara Municipal vindo a promover a realiza\u00e7\u00e3o de uma Feira Quinhentista, evocativa daquele marcante acontecimento, a qual tem merecido franca ades\u00e3o dos severenses e [&hellip;]<\/p>\n","protected":false},"author":1,"featured_media":70,"parent":0,"menu_order":0,"comment_status":"closed","ping_status":"closed","template":"","meta":{"footnotes":""},"class_list":["post-22","page","type-page","status-publish","has-post-thumbnail","hentry"],"_links":{"self":[{"href":"https:\/\/mm-sever.pt\/foral\/wp-json\/wp\/v2\/pages\/22","targetHints":{"allow":["GET"]}}],"collection":[{"href":"https:\/\/mm-sever.pt\/foral\/wp-json\/wp\/v2\/pages"}],"about":[{"href":"https:\/\/mm-sever.pt\/foral\/wp-json\/wp\/v2\/types\/page"}],"author":[{"embeddable":true,"href":"https:\/\/mm-sever.pt\/foral\/wp-json\/wp\/v2\/users\/1"}],"replies":[{"embeddable":true,"href":"https:\/\/mm-sever.pt\/foral\/wp-json\/wp\/v2\/comments?post=22"}],"version-history":[{"count":6,"href":"https:\/\/mm-sever.pt\/foral\/wp-json\/wp\/v2\/pages\/22\/revisions"}],"predecessor-version":[{"id":242,"href":"https:\/\/mm-sever.pt\/foral\/wp-json\/wp\/v2\/pages\/22\/revisions\/242"}],"wp:featuredmedia":[{"embeddable":true,"href":"https:\/\/mm-sever.pt\/foral\/wp-json\/wp\/v2\/media\/70"}],"wp:attachment":[{"href":"https:\/\/mm-sever.pt\/foral\/wp-json\/wp\/v2\/media?parent=22"}],"curies":[{"name":"wp","href":"https:\/\/api.w.org\/{rel}","templated":true}]}}