{"id":9,"date":"2020-05-01T21:14:12","date_gmt":"2020-05-01T20:14:12","guid":{"rendered":"https:\/\/museudeseverdovouga.pt\/foral\/?page_id=9"},"modified":"2023-04-29T12:13:46","modified_gmt":"2023-04-29T11:13:46","slug":"queixas","status":"publish","type":"page","link":"https:\/\/mm-sever.pt\/foral\/reforma\/queixas\/","title":{"rendered":"2.1. &#8211; As queixas dos Povos"},"content":{"rendered":"\n<div style=\"height:30px\" aria-hidden=\"true\" class=\"wp-block-spacer\"><\/div>\n\n\n\n<blockquote class=\"wp-block-quote is-style-large is-layout-flow wp-block-quote-is-layout-flow\">\n<p>Senhor, os forais de cada lugar por onde se mais rege e governa o vosso reino estes s\u00e3o hoje em dia quase todos ou maior parte falsificados, entrelinhados, rotos, n\u00e3o autorizados e os tiram de seu pr\u00f3prio entender, nem s\u00e3o interpricados a uso, e costume d\u2019ora nem s\u00e3o conformes a alguns artigos e Ordena\u00e7\u00f5es vossas. (1)<\/p>\n<cite>Cap\u00edtulos Gerais apresentados a D. Afonso 5\u00ba nas Cortes de 1472\/3.<\/cite><\/blockquote>\n\n\n\n<div style=\"height:20px\" aria-hidden=\"true\" class=\"wp-block-spacer\"><\/div>\n\n\n\n<p class=\"has-medium-font-size\">Desde as Cortes de Santar\u00e9m de 1430, nos finais do reinado de D. Jo\u00e3o 1\u00ba, que os povos se queixam dos abusos dos Senhores das Terras na aplica\u00e7\u00e3o das justi\u00e7as e na recolha dos impostos, com a falsifica\u00e7\u00e3o dos forais.<\/p>\n\n\n\n<p class=\"has-medium-font-size\">Nas diversas Cortes que se foram realizando nos reinados seguintes, os Povos retomavam o assunto endurecendo as suas queixas.<\/p>\n\n\n\n<p class=\"has-medium-font-size\">A parte de um dos cap\u00edtulos apresentados nas Cortes de 1472\/3, que transcrevemos acima, \u00e9 disso bem evidente. <\/p>\n\n\n\n<figure class=\"wp-block-image size-large\"><img loading=\"lazy\" decoding=\"async\" width=\"767\" height=\"900\" src=\"https:\/\/museudeseverdovouga.pt\/foral\/wp-content\/uploads\/2020\/05\/CEvora1481aa.jpg\" alt=\"\" class=\"wp-image-96\" srcset=\"https:\/\/mm-sever.pt\/foral\/wp-content\/uploads\/2020\/05\/CEvora1481aa.jpg 767w, https:\/\/mm-sever.pt\/foral\/wp-content\/uploads\/2020\/05\/CEvora1481aa-256x300.jpg 256w\" sizes=\"auto, (max-width: 767px) 100vw, 767px\" \/><figcaption class=\"wp-element-caption\">&#8220;Livro de cap\u00edtulos desembargados nas cortes come\u00e7adas em \u00c9vora e acabadas em Viana a par de Alvito&#8221; <a rel=\"noreferrer noopener\" href=\"https:\/\/digitarq.arquivos.pt\/details?id=4411520\" target=\"_blank\">ANTT, Aclama\u00e7\u00f5es e Cortes, Cortes, M. 3, n\u00ba9, fs. 52v-53<\/a><\/figcaption><\/figure>\n\n\n\n<div style=\"height:20px\" aria-hidden=\"true\" class=\"wp-block-spacer\"><\/div>\n\n\n\n<p class=\"has-medium-font-size\">Nas Cortes de \u00c9vora e Viana, em 1418\/82, logo ap\u00f3s o inicio do reinado de D. Jo\u00e3o 2\u00ba, os representantes dos concelho voltaram a queixar-se. Desta vez dirigindo a sua aten\u00e7\u00e3o aos alcaides-mores de diversas arbitrariedades como &#8220;tomarem o p\u00e3o, as roupas e as galinhas do moradores&#8221; e a cobrarem direitos que n\u00e3o tinham.<\/p>\n\n\n\n<p class=\"has-medium-font-size\">D. Jo\u00e3o 2\u00ba decidiu, ent\u00e3o, iniciar a reforma dos forais. Emitiu uma carta para que os interessados enviassem para a Corte os seus forais. Aqui, os forais seriam examinados e confirmados.<br>E para lugares onde n\u00e3o houvesse forais, mas onde se cobravam impostos, fossem passados forais novos.<\/p>\n\n\n\n<p class=\"has-medium-font-size\">Apesar das boas inten\u00e7\u00f5es do rei, o processo n\u00e3o teve sucesso. Seria o seu sucessor, D. Manuel 1\u00ba, a executar a Reforma dos Forais.<\/p>\n\n\n\n<p>(1) Lisboa, ANTT, Aclama\u00e7\u00f5es e Cortes, Cortes, M. 2, n\u00ba14, fs. 98-98v<\/p>\n\n\n\n<div style=\"height:20px\" aria-hidden=\"true\" class=\"wp-block-spacer\"><\/div>\n\n\n\n<h3 class=\"wp-block-heading has-text-align-left\"><a href=\"https:\/\/mm-sever.pt\/foral\/forais\/\">&lt;&lt;&lt; 1 &#8211; Forais, o que eram?<\/a><\/h3>\n\n\n\n<h3 class=\"wp-block-heading has-text-align-right\"><a href=\"https:\/\/mm-sever.pt\/foral\/reforma\/2reforma\/\">2.2. &#8211; Reforma por D. Manuel 1\u00ba >>><\/a><\/h3>\n\n\n\n<div style=\"height:20px\" aria-hidden=\"true\" class=\"wp-block-spacer\"><\/div>\n","protected":false},"excerpt":{"rendered":"<p>Senhor, os forais de cada lugar por onde se mais rege e governa o vosso reino estes s\u00e3o hoje em dia quase todos ou maior parte falsificados, entrelinhados, rotos, n\u00e3o autorizados e os tiram de seu pr\u00f3prio entender, nem s\u00e3o interpricados a uso, e costume d\u2019ora nem s\u00e3o conformes a alguns artigos e Ordena\u00e7\u00f5es vossas. [&hellip;]<\/p>\n","protected":false},"author":1,"featured_media":70,"parent":98,"menu_order":1,"comment_status":"closed","ping_status":"closed","template":"","meta":{"footnotes":""},"class_list":["post-9","page","type-page","status-publish","has-post-thumbnail","hentry"],"_links":{"self":[{"href":"https:\/\/mm-sever.pt\/foral\/wp-json\/wp\/v2\/pages\/9","targetHints":{"allow":["GET"]}}],"collection":[{"href":"https:\/\/mm-sever.pt\/foral\/wp-json\/wp\/v2\/pages"}],"about":[{"href":"https:\/\/mm-sever.pt\/foral\/wp-json\/wp\/v2\/types\/page"}],"author":[{"embeddable":true,"href":"https:\/\/mm-sever.pt\/foral\/wp-json\/wp\/v2\/users\/1"}],"replies":[{"embeddable":true,"href":"https:\/\/mm-sever.pt\/foral\/wp-json\/wp\/v2\/comments?post=9"}],"version-history":[{"count":10,"href":"https:\/\/mm-sever.pt\/foral\/wp-json\/wp\/v2\/pages\/9\/revisions"}],"predecessor-version":[{"id":255,"href":"https:\/\/mm-sever.pt\/foral\/wp-json\/wp\/v2\/pages\/9\/revisions\/255"}],"up":[{"embeddable":true,"href":"https:\/\/mm-sever.pt\/foral\/wp-json\/wp\/v2\/pages\/98"}],"wp:featuredmedia":[{"embeddable":true,"href":"https:\/\/mm-sever.pt\/foral\/wp-json\/wp\/v2\/media\/70"}],"wp:attachment":[{"href":"https:\/\/mm-sever.pt\/foral\/wp-json\/wp\/v2\/media?parent=9"}],"curies":[{"name":"wp","href":"https:\/\/api.w.org\/{rel}","templated":true}]}}